{"id":225987,"date":"2020-12-03T15:35:42","date_gmt":"2020-12-03T14:35:42","guid":{"rendered":"https:\/\/triathlon-vendee.com\/?page_id=225987"},"modified":"2024-09-12T12:03:43","modified_gmt":"2024-09-12T10:03:43","slug":"finale-grand-prix-d1-d2-et-championnat-de-france-de-paratriathlon","status":"publish","type":"page","link":"https:\/\/triathlon-vendee.com\/finale-grand-prix-d1-d2-et-championnat-de-france-de-paratriathlon\/","title":{"rendered":"FINALES DES CHAMIONNATS DE FRANCE DES CLUBS D1 \/ D2 ET CHAMPIONNAT DE FRANCE PARATRIATHLON"},"content":{"rendered":"<p>[et_pb_section fb_built=\u00a0\u00bb1&Prime; admin_label=\u00a0\u00bbSection\u00a0\u00bb _builder_version=\u00a0\u00bb4.16&Prime; background_color=\u00a0\u00bb#FFD100&Prime; background_image=\u00a0\u00bbhttps:\/\/triathlon-vendee.com\/storage\/2021\/04\/background-count-finale-grand-prix.jpg\u00a0\u00bb custom_padding=\u00a0\u00bb||128px|||\u00a0\u00bb top_divider_color=\u00a0\u00bb#ffffff\u00a0\u00bb top_divider_flip=\u00a0\u00bbhorizontal\u00a0\u00bb bottom_divider_color=\u00a0\u00bb#0c1d33&Prime; saved_tabs=\u00a0\u00bball\u00a0\u00bb locked=\u00a0\u00bboff\u00a0\u00bb collapsed=\u00a0\u00bboff\u00a0\u00bb global_colors_info=\u00a0\u00bb{}\u00a0\u00bb][et_pb_row admin_label=\u00a0\u00bbLigne\u00a0\u00bb _builder_version=\u00a0\u00bb4.27.0&Prime; background_enable_color=\u00a0\u00bboff\u00a0\u00bb max_width=\u00a0\u00bb2560px\u00a0\u00bb custom_margin=\u00a0\u00bb90px||50px||false|false\u00a0\u00bb custom_padding=\u00a0\u00bb||||false|false\u00a0\u00bb saved_tabs=\u00a0\u00bball\u00a0\u00bb collapsed=\u00a0\u00bboff\u00a0\u00bb global_colors_info=\u00a0\u00bb{}\u00a0\u00bb][et_pb_column type=\u00a0\u00bb4_4&Prime; _builder_version=\u00a0\u00bb4.16&Prime; global_colors_info=\u00a0\u00bb{}\u00a0\u00bb][et_pb_text admin_label=\u00a0\u00bbTexte\u00a0\u00bb module_class=\u00a0\u00bbdecompte\u00a0\u00bb _builder_version=\u00a0\u00bb4.27.0&Prime; header_2_font=\u00a0\u00bbMontserrat|800||on|||||\u00a0\u00bb header_2_text_color=\u00a0\u00bb#ffffff\u00a0\u00bb header_2_font_size=\u00a0\u00bb65px\u00a0\u00bb background_enable_color=\u00a0\u00bboff\u00a0\u00bb header_2_font_size_tablet=\u00a0\u00bb50px\u00a0\u00bb header_2_font_size_phone=\u00a0\u00bb35px\u00a0\u00bb header_2_font_size_last_edited=\u00a0\u00bbon|phone\u00a0\u00bb header_2_text_shadow_style=\u00a0\u00bbpreset3&Prime; global_colors_info=\u00a0\u00bb{}\u00a0\u00bb]<\/p>\n<h2 style=\"text-align: center;\">FINALES DES CHAMPIONNATS DE FRANCE DES CLUBS D1, D2<br \/>ET CHAMPIONNAT DE FRANCE PARATRIATHLON<\/h2>\n<p>[\/et_pb_text][et_pb_countdown_timer date_time=\u00a0\u00bb2024-09-14 09:00&Prime; admin_label=\u00a0\u00bbCompteur \u00e0 rebours\u00a0\u00bb module_class=\u00a0\u00bbcounter\u00a0\u00bb _builder_version=\u00a0\u00bb4.21.0&Prime; background_enable_color=\u00a0\u00bboff\u00a0\u00bb numbers_text_shadow_style=\u00a0\u00bbpreset3&Prime; global_colors_info=\u00a0\u00bb{}\u00a0\u00bb][\/et_pb_countdown_timer][\/et_pb_column][\/et_pb_row][\/et_pb_section][et_pb_section fb_built=\u00a0\u00bb1&Prime; admin_label=\u00a0\u00bbSection\u00a0\u00bb _builder_version=\u00a0\u00bb4.16&Prime; locked=\u00a0\u00bbon\u00a0\u00bb collapsed=\u00a0\u00bbon\u00a0\u00bb global_colors_info=\u00a0\u00bb{}\u00a0\u00bb][et_pb_row _builder_version=\u00a0\u00bb4.16&Prime; width=\u00a0\u00bb100%\u00a0\u00bb max_width=\u00a0\u00bb2560px\u00a0\u00bb global_colors_info=\u00a0\u00bb{}\u00a0\u00bb][et_pb_column type=\u00a0\u00bb4_4&Prime; _builder_version=\u00a0\u00bb4.16&Prime; global_colors_info=\u00a0\u00bb{}\u00a0\u00bb][et_pb_code _builder_version=\u00a0\u00bb4.16&Prime; locked=\u00a0\u00bboff\u00a0\u00bb global_colors_info=\u00a0\u00bb{}\u00a0\u00bb]<img decoding=\"async\" class=\"floating-flower top-right rellax\" src=\"https:\/\/triathlon-vendee.com\/storage\/2020\/07\/triangle-yellow-right.svg\" data-rellax-speed=\"-1\" ><img decoding=\"async\" src=\"https:\/\/triathlon-vendee.com\/storage\/2020\/07\/triangle-blue-left.svg\" class=\"floating-flower middle-left rellax hide_on_mobile\" data-rellax-speed=\"1\" >[\/et_pb_code][\/et_pb_column][\/et_pb_row][\/et_pb_section][et_pb_section fb_built=\u00a0\u00bb1&Prime; admin_label=\u00a0\u00bbSection\u00a0\u00bb _builder_version=\u00a0\u00bb4.16&Prime; collapsed=\u00a0\u00bboff\u00a0\u00bb global_colors_info=\u00a0\u00bb{}\u00a0\u00bb][et_pb_row column_structure=\u00a0\u00bb2_5,3_5&Prime; admin_label=\u00a0\u00bbLigne\u00a0\u00bb _builder_version=\u00a0\u00bb4.16&Prime; global_colors_info=\u00a0\u00bb{}\u00a0\u00bb][et_pb_column type=\u00a0\u00bb2_5&Prime; _builder_version=\u00a0\u00bb4.16&Prime; global_colors_info=\u00a0\u00bb{}\u00a0\u00bb][et_pb_image src=\u00a0\u00bbhttps:\/\/triathlon-vendee.com\/storage\/2024\/08\/2024-GP.jpg\u00a0\u00bb title_text=\u00a0\u00bb2024-GP\u00a0\u00bb _builder_version=\u00a0\u00bb4.27.0&Prime; custom_margin=\u00a0\u00bb||0px||false|false\u00a0\u00bb box_shadow_style=\u00a0\u00bbpreset1&Prime; box_shadow_vertical=\u00a0\u00bb0px\u00a0\u00bb box_shadow_blur=\u00a0\u00bb10px\u00a0\u00bb box_shadow_color=\u00a0\u00bbrgba(12,29,51,0.1)\u00a0\u00bb global_colors_info=\u00a0\u00bb{}\u00a0\u00bb][\/et_pb_image][\/et_pb_column][et_pb_column type=\u00a0\u00bb3_5&Prime; _builder_version=\u00a0\u00bb4.16&Prime; global_colors_info=\u00a0\u00bb{}\u00a0\u00bb][et_pb_blurb title=\u00a0\u00bbFinales des Championnats de France des clubs D1\/D2 et Championnat de France Paratriathlon\u00a0\u00bb content_max_width=\u00a0\u00bb100%\u00a0\u00bb admin_label=\u00a0\u00bbTriathlon GP et Para\u00a0\u00bb _builder_version=\u00a0\u00bb4.27.0&Prime; header_level=\u00a0\u00bbh1&Prime; header_font=\u00a0\u00bb|800|on|on|||||\u00a0\u00bb header_text_align=\u00a0\u00bbleft\u00a0\u00bb header_text_color=\u00a0\u00bb#0c1d33&Prime; header_font_size=\u00a0\u00bb35px\u00a0\u00bb header_letter_spacing=\u00a0\u00bb1px\u00a0\u00bb body_font=\u00a0\u00bb|300||on|||||\u00a0\u00bb body_text_align=\u00a0\u00bbleft\u00a0\u00bb body_text_color=\u00a0\u00bb#0c1d33&Prime; body_font_size=\u00a0\u00bb18px\u00a0\u00bb body_letter_spacing=\u00a0\u00bb2px\u00a0\u00bb module_alignment=\u00a0\u00bbleft\u00a0\u00bb custom_margin=\u00a0\u00bb|||0px|false|false\u00a0\u00bb custom_padding=\u00a0\u00bb|||0px|false|false\u00a0\u00bb global_colors_info=\u00a0\u00bb{}\u00a0\u00bb]<\/p>\n<p>Saint Jean de Monts | 14 &amp; 15 septembre 2024<\/p>\n<p>[\/et_pb_blurb][et_pb_divider color=\u00a0\u00bb#00c4ff\u00a0\u00bb divider_weight=\u00a0\u00bb2px\u00a0\u00bb admin_label=\u00a0\u00bbS\u00e9parateur\u00a0\u00bb _builder_version=\u00a0\u00bb4.16&Prime; width=\u00a0\u00bb250px\u00a0\u00bb width_tablet=\u00a0\u00bb80%\u00a0\u00bb width_last_edited=\u00a0\u00bboff|tablet\u00a0\u00bb module_alignment=\u00a0\u00bbleft\u00a0\u00bb locked=\u00a0\u00bboff\u00a0\u00bb global_colors_info=\u00a0\u00bb{}\u00a0\u00bb][\/et_pb_divider][et_pb_text admin_label=\u00a0\u00bbDescription\u00a0\u00bb _builder_version=\u00a0\u00bb4.27.0&Prime; text_text_color=\u00a0\u00bb#0c1d33&Prime; text_font_size=\u00a0\u00bb18px\u00a0\u00bb width_tablet=\u00a0\u00bb80%\u00a0\u00bb width_phone=\u00a0\u00bb100%\u00a0\u00bb width_last_edited=\u00a0\u00bboff|desktop\u00a0\u00bb module_alignment=\u00a0\u00bbcenter\u00a0\u00bb hover_enabled=\u00a0\u00bb0&Prime; global_colors_info=\u00a0\u00bb{}\u00a0\u00bb sticky_enabled=\u00a0\u00bb0&Prime;]<\/p>\n<p>Pour la quatri\u00e8me ann\u00e9e cons\u00e9cutive, les finales des <strong>Championnats de France des clubs D1\/D2 femmes et hommes<\/strong> ainsi que le <strong>Championnat de France Paratriathlon<\/strong> auront lieu \u00e0 Saint Jean de Monts les 14 et 15 septembre.<br \/>Apr\u00e8s les belles r\u00e9ussites des \u00e9ditions 2021, 2022 et 2023, la F\u00e9d\u00e9ration Fran\u00e7aise de Triathlon nous renouvelle sa confiance pour l&rsquo;organisation de ces \u00e9v\u00e8nements et nous les en remercions<\/p>\n<p><strong>Au programme du week-end :<br \/>Samedi 14 septembre<br \/><\/strong>9h00 : Finale du Championnat de France D1 Femmes<br \/>11h00 : Finale du Championnat de France D1 Hommes<br \/>15h30 : Finale du Championnat de France D2 Femmes<br \/>17h00 : Finale du Championnat de France D2 Hommes<strong><br \/>Dimanche 15 septembre<br \/><\/strong>9h30 : Championnat de France de Paratriathlon et Open Paratriathlon<\/p>\n<p>[\/et_pb_text][et_pb_button button_url=\u00a0\u00bbhttps:\/\/inscriptions-teve.fr\/championnat-de-france-de-para-triathlon-saint-jean-de-monts-2024&Prime; url_new_window=\u00a0\u00bbon\u00a0\u00bb button_text=\u00a0\u00bbS&rsquo;inscrire au Championnat de France de Paratriathlon\u00a0\u00bb admin_label=\u00a0\u00bbs&rsquo;inscrire\u00a0\u00bb module_class=\u00a0\u00bbbtn-yellow\u00a0\u00bb _builder_version=\u00a0\u00bb4.25.2&Prime; _module_preset=\u00a0\u00bbdefault\u00a0\u00bb custom_button=\u00a0\u00bbon\u00a0\u00bb button_text_size=\u00a0\u00bb14px\u00a0\u00bb button_text_color=\u00a0\u00bb#0c1d33&Prime; button_bg_color=\u00a0\u00bb#ffd100&Prime; button_border_width=\u00a0\u00bb2px\u00a0\u00bb button_border_color=\u00a0\u00bb#ffd100&Prime; button_use_icon=\u00a0\u00bboff\u00a0\u00bb locked=\u00a0\u00bboff\u00a0\u00bb global_colors_info=\u00a0\u00bb{}\u00a0\u00bb button_bg_color__hover_enabled=\u00a0\u00bbon|hover\u00a0\u00bb button_text_color__hover_enabled=\u00a0\u00bbon|hover\u00a0\u00bb button_text_color__hover=\u00a0\u00bb#ffffff\u00a0\u00bb button_border_color__hover_enabled=\u00a0\u00bbon|hover\u00a0\u00bb button_border_color__hover=\u00a0\u00bb#0c1d33&Prime; button_bg_color__hover=\u00a0\u00bb#0c1d33&Prime; button_bg_enable_color__hover=\u00a0\u00bbon\u00a0\u00bb][\/et_pb_button][et_pb_text admin_label=\u00a0\u00bbDescription\u00a0\u00bb _builder_version=\u00a0\u00bb4.21.0&Prime; text_text_color=\u00a0\u00bb#0c1d33&Prime; text_font_size=\u00a0\u00bb18px\u00a0\u00bb width_tablet=\u00a0\u00bb80%\u00a0\u00bb width_phone=\u00a0\u00bb100%\u00a0\u00bb width_last_edited=\u00a0\u00bboff|desktop\u00a0\u00bb module_alignment=\u00a0\u00bbcenter\u00a0\u00bb global_colors_info=\u00a0\u00bb{}\u00a0\u00bb][\/et_pb_text][et_pb_button button_url=\u00a0\u00bb@ET-DC@eyJkeW5hbWljIjp0cnVlLCJjb250ZW50IjoicG9zdF9saW5rX3VybF9wYWdlIiwic2V0dGluZ3MiOnsicG9zdF9pZCI6Ijg0In19@\u00a0\u00bb button_text=\u00a0\u00bbDevenir b\u00e9n\u00e9voles\u00a0\u00bb module_class=\u00a0\u00bbbtn-yellow\u00a0\u00bb _builder_version=\u00a0\u00bb4.21.0&Prime; _dynamic_attributes=\u00a0\u00bbbutton_url\u00a0\u00bb _module_preset=\u00a0\u00bbdefault\u00a0\u00bb custom_button=\u00a0\u00bbon\u00a0\u00bb button_text_size=\u00a0\u00bb14px\u00a0\u00bb button_text_color=\u00a0\u00bb#0c1d33&Prime; button_bg_color=\u00a0\u00bb#ffd100&Prime; button_border_width=\u00a0\u00bb2px\u00a0\u00bb button_border_color=\u00a0\u00bb#ffd100&Prime; button_use_icon=\u00a0\u00bboff\u00a0\u00bb locked=\u00a0\u00bboff\u00a0\u00bb global_colors_info=\u00a0\u00bb{}\u00a0\u00bb button_bg_color__hover_enabled=\u00a0\u00bbon|hover\u00a0\u00bb button_text_color__hover_enabled=\u00a0\u00bbon|hover\u00a0\u00bb button_text_color__hover=\u00a0\u00bb#ffffff\u00a0\u00bb button_border_color__hover_enabled=\u00a0\u00bbon|hover\u00a0\u00bb button_border_color__hover=\u00a0\u00bb#0c1d33&Prime; button_bg_color__hover=\u00a0\u00bb#0c1d33&Prime; button_bg_enable_color__hover=\u00a0\u00bbon\u00a0\u00bb][\/et_pb_button][\/et_pb_column][\/et_pb_row][\/et_pb_section][et_pb_section fb_built=\u00a0\u00bb1&Prime; module_class=\u00a0\u00bbbgfullheight\u00a0\u00bb _builder_version=\u00a0\u00bb4.16&Prime; background_image=\u00a0\u00bbhttps:\/\/triathlon-vendee.com\/storage\/2020\/07\/bg.png\u00a0\u00bb background_size=\u00a0\u00bbinitial\u00a0\u00bb background_position=\u00a0\u00bbtop_left\u00a0\u00bb global_colors_info=\u00a0\u00bb{}\u00a0\u00bb][et_pb_row column_structure=\u00a0\u00bb1_3,2_3&Prime; admin_label=\u00a0\u00bbLigne\u00a0\u00bb _builder_version=\u00a0\u00bb4.16&Prime; global_colors_info=\u00a0\u00bb{}\u00a0\u00bb][et_pb_column type=\u00a0\u00bb1_3&Prime; _builder_version=\u00a0\u00bb4.16&Prime; global_colors_info=\u00a0\u00bb{}\u00a0\u00bb][\/et_pb_column][et_pb_column type=\u00a0\u00bb2_3&Prime; _builder_version=\u00a0\u00bb4.16&Prime; global_colors_info=\u00a0\u00bb{}\u00a0\u00bb][et_pb_toggle title=\u00a0\u00bbFinale du grand prix D1 \/ D2 de triathlon\u00a0\u00bb open_toggle_text_color=\u00a0\u00bb#00C4FF\u00a0\u00bb admin_label=\u00a0\u00bbFinale du grand prix D1 \/ D2 de triathlon\u00a0\u00bb module_class=\u00a0\u00bbbloc_tiroir turquoise\u00a0\u00bb _builder_version=\u00a0\u00bb4.27.0&Prime; title_text_color=\u00a0\u00bb#00C4FF\u00a0\u00bb title_font=\u00a0\u00bb|800|||||||\u00a0\u00bb title_font_size=\u00a0\u00bb24px\u00a0\u00bb background_color=\u00a0\u00bb#ffffff\u00a0\u00bb background_image=\u00a0\u00bbhttps:\/\/triathlon-vendee.com\/storage\/2020\/08\/picto-1-bleu.svg\u00a0\u00bb width_tablet=\u00a0\u00bb80%\u00a0\u00bb width_phone=\u00a0\u00bb100%\u00a0\u00bb width_last_edited=\u00a0\u00bbon|phone\u00a0\u00bb module_alignment=\u00a0\u00bbcenter\u00a0\u00bb link_option_url=\u00a0\u00bbhttps:\/\/triathlon-vendee.com\/storage\/2022\/08\/Horaires-et-plan-D1-et-D2.pdf\u00a0\u00bb link_option_url_new_window=\u00a0\u00bbon\u00a0\u00bb title_font_size_tablet=\u00a0\u00bb\u00a0\u00bb title_font_size_phone=\u00a0\u00bb18px\u00a0\u00bb title_font_size_last_edited=\u00a0\u00bbon|phone\u00a0\u00bb box_shadow_style=\u00a0\u00bbpreset1&Prime; box_shadow_vertical=\u00a0\u00bb0px\u00a0\u00bb box_shadow_blur=\u00a0\u00bb10px\u00a0\u00bb box_shadow_color=\u00a0\u00bbrgba(12,29,51,0.1)\u00a0\u00bb global_colors_info=\u00a0\u00bb{}\u00a0\u00bb]<\/p>\n<p><a href=\"https:\/\/triathlon-vendee.com\/storage\/2024\/08\/GP-Horaires-plan-2024.pdf\" target=\"_blank\" rel=\"noopener\">Horaires des \u00e9preuves et plan<\/a><\/p>\n<p>[\/et_pb_toggle][et_pb_toggle title=\u00a0\u00bbChampionnat de France Paratriathlon\u00a0\u00bb open_toggle_text_color=\u00a0\u00bb#00C4FF\u00a0\u00bb admin_label=\u00a0\u00bbChampionnat de France Paratriathlon\u00a0\u00bb module_class=\u00a0\u00bbbloc_tiroir turquoise\u00a0\u00bb _builder_version=\u00a0\u00bb4.27.0&Prime; title_text_color=\u00a0\u00bb#00C4FF\u00a0\u00bb title_font=\u00a0\u00bb|800|||||||\u00a0\u00bb title_font_size=\u00a0\u00bb24px\u00a0\u00bb background_color=\u00a0\u00bb#ffffff\u00a0\u00bb background_image=\u00a0\u00bbhttps:\/\/triathlon-vendee.com\/storage\/2020\/08\/picto-2-bleu.svg\u00a0\u00bb width_tablet=\u00a0\u00bb80%\u00a0\u00bb width_phone=\u00a0\u00bb100%\u00a0\u00bb width_last_edited=\u00a0\u00bbon|phone\u00a0\u00bb module_alignment=\u00a0\u00bbcenter\u00a0\u00bb link_option_url=\u00a0\u00bbhttps:\/\/triathlon-vendee.com\/storage\/2022\/08\/Horaires-et-plan-Championnat-de-France-Handi.pdf\u00a0\u00bb link_option_url_new_window=\u00a0\u00bbon\u00a0\u00bb title_font_size_tablet=\u00a0\u00bb\u00a0\u00bb title_font_size_phone=\u00a0\u00bb18px\u00a0\u00bb title_font_size_last_edited=\u00a0\u00bbon|phone\u00a0\u00bb box_shadow_style=\u00a0\u00bbpreset1&Prime; box_shadow_vertical=\u00a0\u00bb0px\u00a0\u00bb box_shadow_blur=\u00a0\u00bb10px\u00a0\u00bb box_shadow_color=\u00a0\u00bbrgba(12,29,51,0.1)\u00a0\u00bb global_colors_info=\u00a0\u00bb{}\u00a0\u00bb]<\/p>\n<p><a href=\"https:\/\/triathlon-vendee.com\/storage\/2024\/08\/CPTF-Para-Horaires-plan-2024.pdf\" target=\"_blank\" rel=\"noopener\">Horaires des \u00e9preuves et plan<\/a><\/p>\n<p>[\/et_pb_toggle][et_pb_toggle title=\u00a0\u00bbR\u00e8glement\u00a0\u00bb open_toggle_text_color=\u00a0\u00bb#00C4FF\u00a0\u00bb disabled_on=\u00a0\u00bbon|on|on\u00a0\u00bb admin_label=\u00a0\u00bb3&Prime; module_class=\u00a0\u00bbbloc_tiroir turquoise\u00a0\u00bb _builder_version=\u00a0\u00bb4.16&Prime; title_text_color=\u00a0\u00bb#00C4FF\u00a0\u00bb title_font=\u00a0\u00bb|800|||||||\u00a0\u00bb title_font_size=\u00a0\u00bb24px\u00a0\u00bb background_color=\u00a0\u00bb#ffffff\u00a0\u00bb background_image=\u00a0\u00bbhttps:\/\/triathlon-vendee.com\/storage\/2020\/08\/picto-pdf-bleu.svg\u00a0\u00bb width_tablet=\u00a0\u00bb80%\u00a0\u00bb width_phone=\u00a0\u00bb100%\u00a0\u00bb width_last_edited=\u00a0\u00bbon|phone\u00a0\u00bb module_alignment=\u00a0\u00bbcenter\u00a0\u00bb title_font_size_tablet=\u00a0\u00bb\u00a0\u00bb title_font_size_phone=\u00a0\u00bb18px\u00a0\u00bb title_font_size_last_edited=\u00a0\u00bbon|phone\u00a0\u00bb box_shadow_style=\u00a0\u00bbpreset1&Prime; box_shadow_vertical=\u00a0\u00bb0px\u00a0\u00bb box_shadow_blur=\u00a0\u00bb10px\u00a0\u00bb box_shadow_color=\u00a0\u00bbrgba(12,29,51,0.1)\u00a0\u00bb disabled=\u00a0\u00bbon\u00a0\u00bb global_colors_info=\u00a0\u00bb{}\u00a0\u00bb]<\/p>\n<p>En attente&#8230;..<\/p>\n<p>[\/et_pb_toggle][\/et_pb_column][\/et_pb_row][\/et_pb_section][et_pb_section fb_built=\u00a0\u00bb1&Prime; admin_label=\u00a0\u00bbSection\u00a0\u00bb _builder_version=\u00a0\u00bb4.16&Prime; collapsed=\u00a0\u00bboff\u00a0\u00bb global_colors_info=\u00a0\u00bb{}\u00a0\u00bb][et_pb_row _builder_version=\u00a0\u00bb4.27.0&Prime; _module_preset=\u00a0\u00bbdefault\u00a0\u00bb global_colors_info=\u00a0\u00bb{}\u00a0\u00bb][et_pb_column type=\u00a0\u00bb4_4&Prime; _builder_version=\u00a0\u00bb4.27.0&Prime; _module_preset=\u00a0\u00bbdefault\u00a0\u00bb global_colors_info=\u00a0\u00bb{}\u00a0\u00bb][et_pb_text _builder_version=\u00a0\u00bb4.27.0&Prime; _module_preset=\u00a0\u00bbdefault\u00a0\u00bb global_colors_info=\u00a0\u00bb{}\u00a0\u00bb]<\/p>\n<p><strong>HEBERGEMENTS :<\/strong><\/p>\n<p>N&rsquo;h\u00e9sitez pas \u00e0 profiter de nos partenaires h\u00e9bergeurs, ils vous r\u00e9serveront un accueil chaleureux.<br \/>Offre sp\u00e9ciale Camping la Prairie : <a href=\"https:\/\/www.domainedessalins.com\/news\/429\/763\/Offre-speciale-Triathlon-de-Saint-Jean-de-Monts\/d,news.html\" target=\"_blank\" rel=\"noopener\">https:\/\/www.campingprairie.com <\/a>Camping lab\u00e9lis\u00e9 La Cl\u00e9 Verte <img loading=\"lazy\" decoding=\"async\" class=\"-231206 alignnone \" src=\"https:\/\/triathlon-vendee.com\/storage\/2024\/08\/clef_verte_hotel_vert-300x225.jpg\" alt=\"\" width=\"58\" height=\"43\" \/><br \/>Offre sp\u00e9ciale Camping Domaines des Salins : <a href=\"https:\/\/www.domainedessalins.com\" target=\"_blank\" rel=\"noopener\">https:\/\/www.domainedessalins.com<\/a><br \/>Valdys Resort Saint Jean de Monts : <a href=\"https:\/\/www.thalasso.com\/\" target=\"_blank\" rel=\"noopener\">https:\/\/www.thalasso.com\/<\/a><\/p>\n<p>[\/et_pb_text][\/et_pb_column][\/et_pb_row][\/et_pb_section][et_pb_section fb_built=\u00a0\u00bb1&Prime; admin_label=\u00a0\u00bbSection\u00a0\u00bb _builder_version=\u00a0\u00bb4.16&Prime; background_image=\u00a0\u00bbhttps:\/\/triathlon-vendee.com\/storage\/2020\/07\/cover-rejoignez-club.jpg\u00a0\u00bb top_divider_style=\u00a0\u00bbslant\u00a0\u00bb top_divider_color=\u00a0\u00bb#ffffff\u00a0\u00bb bottom_divider_style=\u00a0\u00bbslant\u00a0\u00bb bottom_divider_color=\u00a0\u00bb#ffffff\u00a0\u00bb locked=\u00a0\u00bboff\u00a0\u00bb global_colors_info=\u00a0\u00bb{}\u00a0\u00bb][et_pb_row _builder_version=\u00a0\u00bb4.16&Prime; custom_padding=\u00a0\u00bb130px||130px||true|false\u00a0\u00bb global_colors_info=\u00a0\u00bb{}\u00a0\u00bb][et_pb_column type=\u00a0\u00bb4_4&Prime; _builder_version=\u00a0\u00bb4.16&Prime; global_colors_info=\u00a0\u00bb{}\u00a0\u00bb][et_pb_blurb title=\u00a0\u00bbParticipez !\u00a0\u00bb content_max_width=\u00a0\u00bb1100px\u00a0\u00bb admin_label=\u00a0\u00bbParticipez !\u00a0\u00bb _builder_version=\u00a0\u00bb4.16&Prime; header_font=\u00a0\u00bb|800|on|on|||||\u00a0\u00bb header_text_color=\u00a0\u00bb#ffd100&Prime; header_font_size=\u00a0\u00bb80px\u00a0\u00bb text_orientation=\u00a0\u00bbcenter\u00a0\u00bb header_font_size_tablet=\u00a0\u00bb50px\u00a0\u00bb header_font_size_phone=\u00a0\u00bb35px\u00a0\u00bb header_font_size_last_edited=\u00a0\u00bbon|phone\u00a0\u00bb global_colors_info=\u00a0\u00bb{}\u00a0\u00bb][\/et_pb_blurb][et_pb_button button_url=\u00a0\u00bbhttps:\/\/inscriptions-teve.fr\/gp-f-f-tri-de-triathlon-saint-jean-demonts-2022\/select_competition\u00a0\u00bb url_new_window=\u00a0\u00bbon\u00a0\u00bb button_text=\u00a0\u00bbInscription en ligne\u00a0\u00bb button_alignment=\u00a0\u00bbcenter\u00a0\u00bb admin_label=\u00a0\u00bbInscription en ligne\u00a0\u00bb module_class=\u00a0\u00bbbtn-yellow\u00a0\u00bb _builder_version=\u00a0\u00bb4.17.3&Prime; custom_button=\u00a0\u00bbon\u00a0\u00bb button_use_icon=\u00a0\u00bboff\u00a0\u00bb button_text_size_tablet=\u00a0\u00bb17px\u00a0\u00bb button_text_size_phone=\u00a0\u00bb\u00a0\u00bb button_text_size_last_edited=\u00a0\u00bbon|tablet\u00a0\u00bb locked=\u00a0\u00bboff\u00a0\u00bb global_colors_info=\u00a0\u00bb{}\u00a0\u00bb][\/et_pb_button][\/et_pb_column][\/et_pb_row][\/et_pb_section][et_pb_section fb_built=\u00a0\u00bb1&Prime; disabled_on=\u00a0\u00bboff|off|off\u00a0\u00bb _builder_version=\u00a0\u00bb4.4.9&Prime; background_color=\u00a0\u00bb#ffffff\u00a0\u00bb bottom_divider_color=\u00a0\u00bb#ffffff\u00a0\u00bb bottom_divider_height=\u00a0\u00bb10vw\u00a0\u00bb bottom_divider_flip=\u00a0\u00bbvertical\u00a0\u00bb global_module=\u00a0\u00bb224665&Prime; saved_tabs=\u00a0\u00bball\u00a0\u00bb global_colors_info=\u00a0\u00bb{}\u00a0\u00bb][et_pb_row admin_label=\u00a0\u00bbLogos partenaires\u00a0\u00bb _builder_version=\u00a0\u00bb4.16&Prime; width=\u00a0\u00bb100%\u00a0\u00bb max_width=\u00a0\u00bb100%\u00a0\u00bb module_alignment=\u00a0\u00bbcenter\u00a0\u00bb overflow-x=\u00a0\u00bbhidden\u00a0\u00bb overflow-y=\u00a0\u00bbhidden\u00a0\u00bb custom_margin=\u00a0\u00bb50px||||false|false\u00a0\u00bb custom_padding=\u00a0\u00bb0px|50px|0px|50px|true|true\u00a0\u00bb overflow-x_last_edited=\u00a0\u00bboff|phone\u00a0\u00bb overflow-y_last_edited=\u00a0\u00bboff|phone\u00a0\u00bb global_colors_info=\u00a0\u00bb{}\u00a0\u00bb][et_pb_column type=\u00a0\u00bb4_4&Prime; module_class=\u00a0\u00bbicecream-items slider\u00a0\u00bb _builder_version=\u00a0\u00bb4.16&Prime; global_colors_info=\u00a0\u00bb{}\u00a0\u00bb][et_pb_image src=\u00a0\u00bbhttps:\/\/triathlon-vendee.com\/storage\/2020\/07\/logo-saint-jean-de-monts.svg\u00a0\u00bb title_text=\u00a0\u00bblogo saint jean de monts\u00a0\u00bb url=\u00a0\u00bbhttps:\/\/paysdesaintjeandemonts.fr\/\u00a0\u00bb url_new_window=\u00a0\u00bbon\u00a0\u00bb show_bottom_space=\u00a0\u00bboff\u00a0\u00bb align=\u00a0\u00bbcenter\u00a0\u00bb admin_label=\u00a0\u00bbPays de saint Jean de monts\u00a0\u00bb _builder_version=\u00a0\u00bb4.16&Prime; global_colors_info=\u00a0\u00bb{}\u00a0\u00bb][\/et_pb_image][et_pb_image src=\u00a0\u00bbhttps:\/\/triathlon-vendee.com\/storage\/2020\/07\/logo-ocean-marais.svg\u00a0\u00bb title_text=\u00a0\u00bblogo-ocean-marais\u00a0\u00bb url=\u00a0\u00bbhttps:\/\/www.oceanmaraisdemonts.fr\/\u00a0\u00bb url_new_window=\u00a0\u00bbon\u00a0\u00bb show_bottom_space=\u00a0\u00bboff\u00a0\u00bb align=\u00a0\u00bbcenter\u00a0\u00bb admin_label=\u00a0\u00bbOc\u00e9an Marais de Monts\u00a0\u00bb _builder_version=\u00a0\u00bb4.16&Prime; width=\u00a0\u00bb80%\u00a0\u00bb max_width=\u00a0\u00bb80%\u00a0\u00bb global_colors_info=\u00a0\u00bb{}\u00a0\u00bb][\/et_pb_image][et_pb_image src=\u00a0\u00bbhttps:\/\/triathlon-vendee.com\/storage\/2020\/07\/logo-vendee.svg\u00a0\u00bb title_text=\u00a0\u00bblogo vendee\u00a0\u00bb url=\u00a0\u00bbhttp:\/\/www.vendee.fr\/\u00a0\u00bb url_new_window=\u00a0\u00bbon\u00a0\u00bb show_bottom_space=\u00a0\u00bboff\u00a0\u00bb align=\u00a0\u00bbcenter\u00a0\u00bb admin_label=\u00a0\u00bbVend\u00e9e\u00a0\u00bb _builder_version=\u00a0\u00bb4.16&Prime; module_alignment=\u00a0\u00bbcenter\u00a0\u00bb global_colors_info=\u00a0\u00bb{}\u00a0\u00bb][\/et_pb_image][et_pb_image src=\u00a0\u00bbhttps:\/\/triathlon-vendee.com\/storage\/2024\/03\/LOGO-SJMVTA-2023-RVB-fond-BLANC.png\u00a0\u00bb title_text=\u00a0\u00bbLOGO SJMVTA 2023 RVB fond BLANC\u00a0\u00bb show_bottom_space=\u00a0\u00bboff\u00a0\u00bb align=\u00a0\u00bbcenter\u00a0\u00bb admin_label=\u00a0\u00bbLogo Triathlon\u00a0\u00bb _builder_version=\u00a0\u00bb4.27.0&Prime; global_colors_info=\u00a0\u00bb{}\u00a0\u00bb][\/et_pb_image][et_pb_image src=\u00a0\u00bbhttps:\/\/triathlon-vendee.com\/storage\/2020\/07\/logo-pays-de-la-loire.svg\u00a0\u00bb title_text=\u00a0\u00bblogo pays de la loire\u00a0\u00bb url=\u00a0\u00bbhttps:\/\/www.paysdelaloire.fr\/\u00a0\u00bb url_new_window=\u00a0\u00bbon\u00a0\u00bb show_bottom_space=\u00a0\u00bboff\u00a0\u00bb align=\u00a0\u00bbcenter\u00a0\u00bb admin_label=\u00a0\u00bbPays de la loire\u00a0\u00bb _builder_version=\u00a0\u00bb4.16&Prime; global_colors_info=\u00a0\u00bb{}\u00a0\u00bb][\/et_pb_image][et_pb_image src=\u00a0\u00bbhttps:\/\/triathlon-vendee.com\/storage\/2020\/07\/logo-exs.jpg\u00a0\u00bb title_text=\u00a0\u00bblogo-exs\u00a0\u00bb show_bottom_space=\u00a0\u00bboff\u00a0\u00bb align=\u00a0\u00bbcenter\u00a0\u00bb admin_label=\u00a0\u00bbExs\u00a0\u00bb _builder_version=\u00a0\u00bb4.16&Prime; width=\u00a0\u00bb80%\u00a0\u00bb max_width=\u00a0\u00bb80%\u00a0\u00bb global_colors_info=\u00a0\u00bb{}\u00a0\u00bb][\/et_pb_image][et_pb_image src=\u00a0\u00bbhttps:\/\/triathlon-vendee.com\/storage\/2020\/07\/logo-rotor.jpg\u00a0\u00bb title_text=\u00a0\u00bblogo-rotor\u00a0\u00bb show_bottom_space=\u00a0\u00bboff\u00a0\u00bb align=\u00a0\u00bbcenter\u00a0\u00bb admin_label=\u00a0\u00bbRotor\u00a0\u00bb _builder_version=\u00a0\u00bb4.16&Prime; module_alignment=\u00a0\u00bbcenter\u00a0\u00bb global_colors_info=\u00a0\u00bb{}\u00a0\u00bb][\/et_pb_image][et_pb_image src=\u00a0\u00bbhttps:\/\/triathlon-vendee.com\/storage\/2020\/07\/logo-asterion.jpg\u00a0\u00bb title_text=\u00a0\u00bblogo-asterion\u00a0\u00bb show_bottom_space=\u00a0\u00bboff\u00a0\u00bb align=\u00a0\u00bbcenter\u00a0\u00bb admin_label=\u00a0\u00bbAsterion\u00a0\u00bb _builder_version=\u00a0\u00bb4.16&Prime; global_colors_info=\u00a0\u00bb{}\u00a0\u00bb][\/et_pb_image][et_pb_image src=\u00a0\u00bbhttps:\/\/triathlon-vendee.com\/storage\/2024\/03\/LOGO-SJMVTA-2023-RVB-fond-BLANC.png\u00a0\u00bb title_text=\u00a0\u00bbLOGO SJMVTA 2023 RVB fond BLANC\u00a0\u00bb show_bottom_space=\u00a0\u00bboff\u00a0\u00bb align=\u00a0\u00bbcenter\u00a0\u00bb admin_label=\u00a0\u00bbLogo Triathlon\u00a0\u00bb _builder_version=\u00a0\u00bb4.27.0&Prime; global_colors_info=\u00a0\u00bb{}\u00a0\u00bb][\/et_pb_image][et_pb_image src=\u00a0\u00bbhttps:\/\/triathlon-vendee.com\/storage\/2020\/08\/logo-S-U-4-300&#215;104.png\u00a0\u00bb title_text=\u00a0\u00bblogo S U 4&Prime; url=\u00a0\u00bbhttps:\/\/www.magasins-u.com\/magasin\/superu-saintjeandemonts\u00a0\u00bb url_new_window=\u00a0\u00bbon\u00a0\u00bb show_bottom_space=\u00a0\u00bboff\u00a0\u00bb align=\u00a0\u00bbcenter\u00a0\u00bb admin_label=\u00a0\u00bbSUPER U\u00a0\u00bb _builder_version=\u00a0\u00bb4.16&Prime; global_colors_info=\u00a0\u00bb{}\u00a0\u00bb][\/et_pb_image][et_pb_image src=\u00a0\u00bbhttps:\/\/triathlon-vendee.com\/storage\/2020\/08\/Logotype_Devaud-BD.png\u00a0\u00bb title_text=\u00a0\u00bbLogotype_Devaud-BD\u00a0\u00bb url=\u00a0\u00bbhttps:\/\/reseau-le-saint.com\/cousins\/devaud\/\u00a0\u00bb url_new_window=\u00a0\u00bbon\u00a0\u00bb show_bottom_space=\u00a0\u00bboff\u00a0\u00bb align=\u00a0\u00bbcenter\u00a0\u00bb admin_label=\u00a0\u00bbDEVAUD\u00a0\u00bb _builder_version=\u00a0\u00bb4.16&Prime; global_colors_info=\u00a0\u00bb{}\u00a0\u00bb][\/et_pb_image][et_pb_image src=\u00a0\u00bbhttps:\/\/triathlon-vendee.com\/storage\/2020\/08\/LOGO-BESSEAU-AUTOMOBILES.jpg\u00a0\u00bb title_text=\u00a0\u00bbLOGO BESSEAU AUTOMOBILES\u00a0\u00bb url=\u00a0\u00bbhttp:\/\/www.besseau-automobiles.fr\/\u00a0\u00bb url_new_window=\u00a0\u00bbon\u00a0\u00bb show_bottom_space=\u00a0\u00bboff\u00a0\u00bb align=\u00a0\u00bbcenter\u00a0\u00bb admin_label=\u00a0\u00bbBESSEAU\u00a0\u00bb _builder_version=\u00a0\u00bb4.16&Prime; global_colors_info=\u00a0\u00bb{}\u00a0\u00bb][\/et_pb_image][et_pb_image src=\u00a0\u00bbhttps:\/\/triathlon-vendee.com\/storage\/2020\/08\/Nouveau-logo-Gastromer.jpg\u00a0\u00bb title_text=\u00a0\u00bbLOGO GASTROMER &#8211; La Gastronomie de la Mer\u00a0\u00bb url=\u00a0\u00bbhttp:\/\/www.gastromer.fr\/\u00a0\u00bb url_new_window=\u00a0\u00bbon\u00a0\u00bb show_bottom_space=\u00a0\u00bboff\u00a0\u00bb align=\u00a0\u00bbcenter\u00a0\u00bb admin_label=\u00a0\u00bbGASTROMER\u00a0\u00bb _builder_version=\u00a0\u00bb4.16&Prime; global_colors_info=\u00a0\u00bb{}\u00a0\u00bb][\/et_pb_image][et_pb_image src=\u00a0\u00bbhttps:\/\/triathlon-vendee.com\/storage\/2024\/03\/LOGO-SJMVTA-2023-RVB-fond-BLANC.png\u00a0\u00bb title_text=\u00a0\u00bbLOGO SJMVTA 2023 RVB fond BLANC\u00a0\u00bb show_bottom_space=\u00a0\u00bboff\u00a0\u00bb align=\u00a0\u00bbcenter\u00a0\u00bb admin_label=\u00a0\u00bbLogo Triathlon\u00a0\u00bb _builder_version=\u00a0\u00bb4.27.0&Prime; global_colors_info=\u00a0\u00bb{}\u00a0\u00bb][\/et_pb_image][et_pb_image src=\u00a0\u00bbhttps:\/\/triathlon-vendee.com\/storage\/2020\/12\/1200px-Logo_de_Samsic.svg.png\u00a0\u00bb title_text=\u00a0\u00bb1200px-Logo_de_Samsic.svg\u00a0\u00bb url=\u00a0\u00bbhttps:\/\/www.samsic.fr\/fr\/leader-des-services-integres-aux-entreprises\u00a0\u00bb url_new_window=\u00a0\u00bbon\u00a0\u00bb show_bottom_space=\u00a0\u00bboff\u00a0\u00bb align=\u00a0\u00bbcenter\u00a0\u00bb admin_label=\u00a0\u00bbSAMSIC\u00a0\u00bb _builder_version=\u00a0\u00bb4.16&Prime; global_colors_info=\u00a0\u00bb{}\u00a0\u00bb][\/et_pb_image][et_pb_image src=\u00a0\u00bbhttps:\/\/triathlon-vendee.com\/storage\/2020\/08\/Logo-coved-hd.png\u00a0\u00bb title_text=\u00a0\u00bbLogo-coved-hd\u00a0\u00bb url=\u00a0\u00bbhttps:\/\/www.coved.com\/\u00a0\u00bb url_new_window=\u00a0\u00bbon\u00a0\u00bb show_bottom_space=\u00a0\u00bboff\u00a0\u00bb align=\u00a0\u00bbcenter\u00a0\u00bb admin_label=\u00a0\u00bbCOVED\u00a0\u00bb _builder_version=\u00a0\u00bb4.16&Prime; global_colors_info=\u00a0\u00bb{}\u00a0\u00bb][\/et_pb_image][et_pb_image src=\u00a0\u00bbhttps:\/\/triathlon-vendee.com\/storage\/2020\/08\/LogoCM2018_long_CMJN_300dpi-scaled.jpg\u00a0\u00bb title_text=\u00a0\u00bbLogoCM2018_long_CMJN_300dpi\u00a0\u00bb url=\u00a0\u00bbhttps:\/\/www.creditmutuel.fr\/home\/index.html\u00a0\u00bb url_new_window=\u00a0\u00bbon\u00a0\u00bb show_bottom_space=\u00a0\u00bboff\u00a0\u00bb align=\u00a0\u00bbcenter\u00a0\u00bb admin_label=\u00a0\u00bbCMO\u00a0\u00bb _builder_version=\u00a0\u00bb4.16&Prime; global_colors_info=\u00a0\u00bb{}\u00a0\u00bb][\/et_pb_image][et_pb_image src=\u00a0\u00bbhttps:\/\/triathlon-vendee.com\/storage\/2020\/08\/logo-petitgas.png\u00a0\u00bb title_text=\u00a0\u00bblogo-petitgas\u00a0\u00bb url=\u00a0\u00bbhttp:\/\/www.petitgas.fr\/\u00a0\u00bb url_new_window=\u00a0\u00bbon\u00a0\u00bb show_bottom_space=\u00a0\u00bboff\u00a0\u00bb align=\u00a0\u00bbcenter\u00a0\u00bb admin_label=\u00a0\u00bbPETITGAS\u00a0\u00bb _builder_version=\u00a0\u00bb4.16&Prime; global_colors_info=\u00a0\u00bb{}\u00a0\u00bb][\/et_pb_image][et_pb_image src=\u00a0\u00bbhttps:\/\/triathlon-vendee.com\/storage\/2020\/08\/BRIOGEL-quadri.jpg\u00a0\u00bb title_text=\u00a0\u00bbBRIOGEL-quadri\u00a0\u00bb url=\u00a0\u00bbhttp:\/\/www.briogel.com\/\u00a0\u00bb url_new_window=\u00a0\u00bbon\u00a0\u00bb show_bottom_space=\u00a0\u00bboff\u00a0\u00bb align=\u00a0\u00bbcenter\u00a0\u00bb admin_label=\u00a0\u00bbBRIOGEL\u00a0\u00bb _builder_version=\u00a0\u00bb4.16&Prime; global_colors_info=\u00a0\u00bb{}\u00a0\u00bb][\/et_pb_image][et_pb_image src=\u00a0\u00bbhttps:\/\/triathlon-vendee.com\/storage\/2020\/08\/logo_is.svg\u00a0\u00bb title_text=\u00a0\u00bblogo_is\u00a0\u00bb url=\u00a0\u00bbhttps:\/\/www.intersport.fr\/Vend%C3%A9e-85\/CHALLANS-VENDEE-85300\/INTERSPORT-CHALLANS\/00254_000\/\u00a0\u00bb url_new_window=\u00a0\u00bbon\u00a0\u00bb show_bottom_space=\u00a0\u00bboff\u00a0\u00bb align=\u00a0\u00bbcenter\u00a0\u00bb admin_label=\u00a0\u00bbINTERSPORT\u00a0\u00bb _builder_version=\u00a0\u00bb4.16&Prime; global_colors_info=\u00a0\u00bb{}\u00a0\u00bb][\/et_pb_image][et_pb_image src=\u00a0\u00bbhttps:\/\/triathlon-vendee.com\/storage\/2020\/08\/2019-04-00-VALDYS-SJM-logo-hotel.jpg\u00a0\u00bb title_text=\u00a0\u00bb2019 04 00 VALDYS SJM logo hotel\u00a0\u00bb url=\u00a0\u00bbhttps:\/\/www.thalasso.com\/\u00a0\u00bb url_new_window=\u00a0\u00bbon\u00a0\u00bb show_bottom_space=\u00a0\u00bboff\u00a0\u00bb align=\u00a0\u00bbcenter\u00a0\u00bb admin_label=\u00a0\u00bbVALDYS RESORT THALASSO HOTEL\u00a0\u00bb _builder_version=\u00a0\u00bb4.16&Prime; global_colors_info=\u00a0\u00bb{}\u00a0\u00bb][\/et_pb_image][et_pb_image src=\u00a0\u00bbhttps:\/\/triathlon-vendee.com\/storage\/2024\/03\/LOGO-SJMVTA-2023-RVB-fond-BLANC.png\u00a0\u00bb title_text=\u00a0\u00bbLOGO SJMVTA 2023 RVB fond BLANC\u00a0\u00bb show_bottom_space=\u00a0\u00bboff\u00a0\u00bb align=\u00a0\u00bbcenter\u00a0\u00bb admin_label=\u00a0\u00bbLogo Triathlon\u00a0\u00bb _builder_version=\u00a0\u00bb4.27.0&Prime; global_colors_info=\u00a0\u00bb{}\u00a0\u00bb][\/et_pb_image][et_pb_image src=\u00a0\u00bbhttps:\/\/triathlon-vendee.com\/storage\/2020\/08\/Logo-novfm.jpg\u00a0\u00bb title_text=\u00a0\u00bbLogo nov&rsquo;fm\u00a0\u00bb url=\u00a0\u00bbhttps:\/\/www.novfm.org\/\u00a0\u00bb url_new_window=\u00a0\u00bbon\u00a0\u00bb show_bottom_space=\u00a0\u00bboff\u00a0\u00bb align=\u00a0\u00bbcenter\u00a0\u00bb admin_label=\u00a0\u00bbNOV FM\u00a0\u00bb _builder_version=\u00a0\u00bb4.16&Prime; global_colors_info=\u00a0\u00bb{}\u00a0\u00bb][\/et_pb_image][et_pb_image src=\u00a0\u00bbhttps:\/\/triathlon-vendee.com\/storage\/2020\/08\/logo-BDO.png\u00a0\u00bb title_text=\u00a0\u00bblogo BDO\u00a0\u00bb url=\u00a0\u00bbhttps:\/\/www.bdo.fr\/fr-fr\/bureaux\/challans\u00a0\u00bb url_new_window=\u00a0\u00bbon\u00a0\u00bb show_bottom_space=\u00a0\u00bboff\u00a0\u00bb align=\u00a0\u00bbcenter\u00a0\u00bb admin_label=\u00a0\u00bbBDO CHALLANS\u00a0\u00bb _builder_version=\u00a0\u00bb4.16&Prime; global_colors_info=\u00a0\u00bb{}\u00a0\u00bb][\/et_pb_image][et_pb_image src=\u00a0\u00bbhttps:\/\/triathlon-vendee.com\/storage\/2020\/08\/1578992407.svg\u00a0\u00bb title_text=\u00a0\u00bb1578992407&Prime; url=\u00a0\u00bbhttps:\/\/www.negoce-chr.com\/\u00a0\u00bb url_new_window=\u00a0\u00bbon\u00a0\u00bb show_bottom_space=\u00a0\u00bboff\u00a0\u00bb align=\u00a0\u00bbcenter\u00a0\u00bb admin_label=\u00a0\u00bbNEGOCE CHR\u00a0\u00bb _builder_version=\u00a0\u00bb4.16&Prime; global_colors_info=\u00a0\u00bb{}\u00a0\u00bb][\/et_pb_image][et_pb_image src=\u00a0\u00bbhttps:\/\/triathlon-vendee.com\/storage\/2020\/08\/logo-lucas-pdf.jpg\u00a0\u00bb title_text=\u00a0\u00bblogo lucas\u00a0\u00bb url=\u00a0\u00bbhttps:\/\/www.lucas-constructions.fr\/\u00a0\u00bb url_new_window=\u00a0\u00bbon\u00a0\u00bb show_bottom_space=\u00a0\u00bboff\u00a0\u00bb align=\u00a0\u00bbcenter\u00a0\u00bb admin_label=\u00a0\u00bbLUCAS CONSTRUCTION\u00a0\u00bb _builder_version=\u00a0\u00bb4.16&Prime; global_colors_info=\u00a0\u00bb{}\u00a0\u00bb][\/et_pb_image][et_pb_image src=\u00a0\u00bbhttps:\/\/triathlon-vendee.com\/storage\/2020\/07\/logo-triathlon-bleu.svg\u00a0\u00bb title_text=\u00a0\u00bblogo-triathlon-bleu\u00a0\u00bb show_bottom_space=\u00a0\u00bboff\u00a0\u00bb align=\u00a0\u00bbcenter\u00a0\u00bb admin_label=\u00a0\u00bbLogo Triathlon\u00a0\u00bb _builder_version=\u00a0\u00bb4.16&Prime; global_colors_info=\u00a0\u00bb{}\u00a0\u00bb][\/et_pb_image][et_pb_image src=\u00a0\u00bbhttps:\/\/triathlon-vendee.com\/storage\/2020\/08\/AXA-PPR.png\u00a0\u00bb title_text=\u00a0\u00bbAXA PPR\u00a0\u00bb url=\u00a0\u00bbhttps:\/\/agence.axa.fr\/pays-de-la-loire\/vendee\/saint-jean-de-monts\/patoizeau-perreaud-riant-1&Prime; url_new_window=\u00a0\u00bbon\u00a0\u00bb show_bottom_space=\u00a0\u00bboff\u00a0\u00bb align=\u00a0\u00bbcenter\u00a0\u00bb admin_label=\u00a0\u00bbAXA PPR\u00a0\u00bb _builder_version=\u00a0\u00bb4.16&Prime; global_colors_info=\u00a0\u00bb{}\u00a0\u00bb][\/et_pb_image][et_pb_image src=\u00a0\u00bbhttps:\/\/triathlon-vendee.com\/storage\/2020\/08\/HM_G-VYV_Q.jpg\u00a0\u00bb title_text=\u00a0\u00bbHM_G-VYV_Q\u00a0\u00bb url=\u00a0\u00bbhttps:\/\/www.harmonie-mutuelle.fr\/web\/tout-harmonie\u00a0\u00bb url_new_window=\u00a0\u00bbon\u00a0\u00bb show_bottom_space=\u00a0\u00bboff\u00a0\u00bb align=\u00a0\u00bbcenter\u00a0\u00bb admin_label=\u00a0\u00bbHARMONIE MUTUELLE\u00a0\u00bb _builder_version=\u00a0\u00bb4.16&Prime; global_colors_info=\u00a0\u00bb{}\u00a0\u00bb][\/et_pb_image][et_pb_image src=\u00a0\u00bbhttps:\/\/triathlon-vendee.com\/storage\/2020\/08\/logo-Camping-La-Prairie-2019-PARTENAIRE.jpg\u00a0\u00bb title_text=\u00a0\u00bblogo Camping La Prairie 2019 PARTENAIRE\u00a0\u00bb url=\u00a0\u00bbhttps:\/\/www.campingprairie.com\/\u00a0\u00bb url_new_window=\u00a0\u00bbon\u00a0\u00bb show_bottom_space=\u00a0\u00bboff\u00a0\u00bb align=\u00a0\u00bbcenter\u00a0\u00bb admin_label=\u00a0\u00bbCAMPING LA PRAIRIE\u00a0\u00bb _builder_version=\u00a0\u00bb4.16&Prime; global_colors_info=\u00a0\u00bb{}\u00a0\u00bb][\/et_pb_image][et_pb_image src=\u00a0\u00bbhttps:\/\/triathlon-vendee.com\/storage\/2020\/08\/LOGO-DOMAINE-DES-SALINS-4-etoiles-vecto-01.jpg\u00a0\u00bb title_text=\u00a0\u00bbLOGO DOMAINE DES SALINS 4 etoiles vecto-01&Prime; url=\u00a0\u00bbhttps:\/\/www.domainedessalins.com\/\u00a0\u00bb url_new_window=\u00a0\u00bbon\u00a0\u00bb show_bottom_space=\u00a0\u00bboff\u00a0\u00bb align=\u00a0\u00bbcenter\u00a0\u00bb admin_label=\u00a0\u00bbCAMPING DOMAINE DES SALINS\u00a0\u00bb _builder_version=\u00a0\u00bb4.16&Prime; global_colors_info=\u00a0\u00bb{}\u00a0\u00bb][\/et_pb_image][et_pb_image src=\u00a0\u00bbhttps:\/\/triathlon-vendee.com\/storage\/2020\/08\/JOA-LOGO-N-CASINO-SAINT-JEAN-DE-MONTS.png\u00a0\u00bb title_text=\u00a0\u00bbJOA-LOGO-N-CASINO-SAINT-JEAN-DE-MONTS\u00a0\u00bb url=\u00a0\u00bbhttps:\/\/www.joa.fr\/casinos\/saint-jean-de-monts\u00a0\u00bb url_new_window=\u00a0\u00bbon\u00a0\u00bb show_bottom_space=\u00a0\u00bboff\u00a0\u00bb align=\u00a0\u00bbcenter\u00a0\u00bb admin_label=\u00a0\u00bbCASINO SAINT JEAN DE MONTS\u00a0\u00bb _builder_version=\u00a0\u00bb4.16&Prime; global_colors_info=\u00a0\u00bb{}\u00a0\u00bb][\/et_pb_image][et_pb_image src=\u00a0\u00bbhttps:\/\/triathlon-vendee.com\/storage\/2020\/07\/logo-triathlon-bleu.svg\u00a0\u00bb title_text=\u00a0\u00bblogo-triathlon-bleu\u00a0\u00bb show_bottom_space=\u00a0\u00bboff\u00a0\u00bb align=\u00a0\u00bbcenter\u00a0\u00bb admin_label=\u00a0\u00bbLogo Triathlon\u00a0\u00bb _builder_version=\u00a0\u00bb4.16&Prime; global_colors_info=\u00a0\u00bb{}\u00a0\u00bb][\/et_pb_image][et_pb_image src=\u00a0\u00bbhttps:\/\/triathlon-vendee.com\/storage\/2020\/08\/peinture-de-la-cote.png\u00a0\u00bb title_text=\u00a0\u00bbpeinture de la cote\u00a0\u00bb url=\u00a0\u00bbhttp:\/\/www.peinturedelacote.fr\/\u00a0\u00bb url_new_window=\u00a0\u00bbon\u00a0\u00bb show_bottom_space=\u00a0\u00bboff\u00a0\u00bb align=\u00a0\u00bbcenter\u00a0\u00bb admin_label=\u00a0\u00bbPEINTURE DE LA COTE\u00a0\u00bb _builder_version=\u00a0\u00bb4.16&Prime; global_colors_info=\u00a0\u00bb{}\u00a0\u00bb][\/et_pb_image][et_pb_image src=\u00a0\u00bbhttps:\/\/triathlon-vendee.com\/storage\/2020\/08\/Century-21-PPV-IMMO.jpg\u00a0\u00bb title_text=\u00a0\u00bbCentury 21 PPV IMMO\u00a0\u00bb url=\u00a0\u00bbhttps:\/\/www.century21-piquot-saint-jean-monts.com\/\u00a0\u00bb url_new_window=\u00a0\u00bbon\u00a0\u00bb show_bottom_space=\u00a0\u00bboff\u00a0\u00bb align=\u00a0\u00bbcenter\u00a0\u00bb admin_label=\u00a0\u00bbCENTURY 21&Prime; _builder_version=\u00a0\u00bb4.16&Prime; global_colors_info=\u00a0\u00bb{}\u00a0\u00bb][\/et_pb_image][et_pb_image src=\u00a0\u00bbhttps:\/\/triathlon-vendee.com\/storage\/2020\/08\/Logo-SILIUM-vertical-quadri.png\u00a0\u00bb title_text=\u00a0\u00bbLogo SILIUM vertical quadri\u00a0\u00bb url=\u00a0\u00bbhttp:\/\/www.silium-epi.com\/\u00a0\u00bb url_new_window=\u00a0\u00bbon\u00a0\u00bb show_bottom_space=\u00a0\u00bboff\u00a0\u00bb align=\u00a0\u00bbcenter\u00a0\u00bb admin_label=\u00a0\u00bbSILIUM\u00a0\u00bb _builder_version=\u00a0\u00bb4.16&Prime; global_colors_info=\u00a0\u00bb{}\u00a0\u00bb][\/et_pb_image][et_pb_image src=\u00a0\u00bbhttps:\/\/triathlon-vendee.com\/storage\/2020\/08\/connex-logo.jpg\u00a0\u00bb title_text=\u00a0\u00bbconnex-logo\u00a0\u00bb url=\u00a0\u00bbhttps:\/\/www.connexinformatique.fr\/\u00a0\u00bb url_new_window=\u00a0\u00bbon\u00a0\u00bb show_bottom_space=\u00a0\u00bboff\u00a0\u00bb align=\u00a0\u00bbcenter\u00a0\u00bb admin_label=\u00a0\u00bbCONNEX\u00a0\u00bb _builder_version=\u00a0\u00bb4.16&Prime; global_colors_info=\u00a0\u00bb{}\u00a0\u00bb][\/et_pb_image][et_pb_image src=\u00a0\u00bbhttps:\/\/triathlon-vendee.com\/storage\/2024\/03\/LOGO-SJMVTA-2023-RVB-fond-BLANC.png\u00a0\u00bb title_text=\u00a0\u00bbLOGO SJMVTA 2023 RVB fond BLANC\u00a0\u00bb show_bottom_space=\u00a0\u00bboff\u00a0\u00bb align=\u00a0\u00bbcenter\u00a0\u00bb admin_label=\u00a0\u00bbLogo Triathlon\u00a0\u00bb _builder_version=\u00a0\u00bb4.27.0&Prime; global_colors_info=\u00a0\u00bb{}\u00a0\u00bb][\/et_pb_image][et_pb_image src=\u00a0\u00bbhttps:\/\/triathlon-vendee.com\/storage\/2020\/08\/Logo-PARTAGEO.jpg\u00a0\u00bb title_text=\u00a0\u00bbLogo PARTAGEO\u00a0\u00bb url=\u00a0\u00bbhttps:\/\/www.partageo.com\/\u00a0\u00bb url_new_window=\u00a0\u00bbon\u00a0\u00bb show_bottom_space=\u00a0\u00bboff\u00a0\u00bb align=\u00a0\u00bbcenter\u00a0\u00bb admin_label=\u00a0\u00bbPARTAGEO\u00a0\u00bb _builder_version=\u00a0\u00bb4.16&Prime; global_colors_info=\u00a0\u00bb{}\u00a0\u00bb][\/et_pb_image][et_pb_image src=\u00a0\u00bbhttps:\/\/triathlon-vendee.com\/storage\/2020\/08\/logo-SOLO-BLUE-e1598021052157.jpg\u00a0\u00bb title_text=\u00a0\u00bblogo SOLO BLUE\u00a0\u00bb url=\u00a0\u00bbhttps:\/\/www.google.com\/maps\/place\/Solo+Blue\/@46.7858809,-2.0736745,15z\/data=!4m5!3m4!1s0x0:0x1e29a9542cfbbca9!8m2!3d46.7858809!4d-2.0736745&Prime; url_new_window=\u00a0\u00bbon\u00a0\u00bb show_bottom_space=\u00a0\u00bboff\u00a0\u00bb align=\u00a0\u00bbcenter\u00a0\u00bb admin_label=\u00a0\u00bbSOLO BLUE\u00a0\u00bb _builder_version=\u00a0\u00bb4.16&Prime; global_colors_info=\u00a0\u00bb{}\u00a0\u00bb][\/et_pb_image][et_pb_image src=\u00a0\u00bbhttps:\/\/triathlon-vendee.com\/storage\/2020\/08\/Logo-U-Express-NDM-.jpg\u00a0\u00bb title_text=\u00a0\u00bbLogo U Express NDM\u00a0\u00bb url=\u00a0\u00bbhttps:\/\/www.magasins-u.com\/magasin\/uexpress-notredamedemonts\u00a0\u00bb url_new_window=\u00a0\u00bbon\u00a0\u00bb show_bottom_space=\u00a0\u00bboff\u00a0\u00bb align=\u00a0\u00bbcenter\u00a0\u00bb admin_label=\u00a0\u00bbU EXPRESS\u00a0\u00bb _builder_version=\u00a0\u00bb4.16&Prime; global_colors_info=\u00a0\u00bb{}\u00a0\u00bb][\/et_pb_image][\/et_pb_column][\/et_pb_row][\/et_pb_section][et_pb_section fb_built=\u00a0\u00bb1&Prime; _builder_version=\u00a0\u00bb4.16&Prime; global_colors_info=\u00a0\u00bb{}\u00a0\u00bb][et_pb_row _builder_version=\u00a0\u00bb4.16&Prime; global_colors_info=\u00a0\u00bb{}\u00a0\u00bb][et_pb_column type=\u00a0\u00bb4_4&Prime; _builder_version=\u00a0\u00bb4.16&Prime; global_colors_info=\u00a0\u00bb{}\u00a0\u00bb][et_pb_divider color=\u00a0\u00bb#ffd100&Prime; divider_weight=\u00a0\u00bb2px\u00a0\u00bb _builder_version=\u00a0\u00bb4.16&Prime; width=\u00a0\u00bb650px\u00a0\u00bb width_tablet=\u00a0\u00bb80%\u00a0\u00bb width_phone=\u00a0\u00bb\u00a0\u00bb width_last_edited=\u00a0\u00bbon|tablet\u00a0\u00bb module_alignment=\u00a0\u00bbcenter\u00a0\u00bb locked=\u00a0\u00bboff\u00a0\u00bb global_colors_info=\u00a0\u00bb{}\u00a0\u00bb][\/et_pb_divider][\/et_pb_column][\/et_pb_row][\/et_pb_section][et_pb_section fb_built=\u00a0\u00bb1&Prime; custom_padding_last_edited=\u00a0\u00bbon|tablet\u00a0\u00bb prev_background_color=\u00a0\u00bb#ffffff\u00a0\u00bb admin_label=\u00a0\u00bbSection\u00a0\u00bb _builder_version=\u00a0\u00bb4.4.9&Prime; background_image=\u00a0\u00bbhttps:\/\/triathlon-vendee.com\/storage\/2020\/07\/background-footer-top.jpg\u00a0\u00bb background_position=\u00a0\u00bbtop_center\u00a0\u00bb custom_padding=\u00a0\u00bb165px||100px|||\u00a0\u00bb custom_padding_tablet=\u00a0\u00bb130px||||false|false\u00a0\u00bb custom_padding_phone=\u00a0\u00bb100px||||false|false\u00a0\u00bb top_divider_style=\u00a0\u00bbslant\u00a0\u00bb global_module=\u00a0\u00bb224308&Prime; saved_tabs=\u00a0\u00bball\u00a0\u00bb collapsed=\u00a0\u00bboff\u00a0\u00bb global_colors_info=\u00a0\u00bb{}\u00a0\u00bb][et_pb_row admin_label=\u00a0\u00bbLigne\u00a0\u00bb _builder_version=\u00a0\u00bb4.16&Prime; collapsed=\u00a0\u00bboff\u00a0\u00bb global_colors_info=\u00a0\u00bb{}\u00a0\u00bb][et_pb_column type=\u00a0\u00bb4_4&Prime; _builder_version=\u00a0\u00bb4.16&Prime; global_colors_info=\u00a0\u00bb{}\u00a0\u00bb][et_pb_text admin_label=\u00a0\u00bbA tr\u00e8s bient\u00f4t !\u00a0\u00bb _builder_version=\u00a0\u00bb4.19.4&Prime; text_font=\u00a0\u00bbMontserrat|800|on|on|||||\u00a0\u00bb text_text_color=\u00a0\u00bb#0c1d33&Prime; text_font_size=\u00a0\u00bb65px\u00a0\u00bb text_font_size_tablet=\u00a0\u00bb50px\u00a0\u00bb text_font_size_phone=\u00a0\u00bb35px\u00a0\u00bb text_font_size_last_edited=\u00a0\u00bbon|phone\u00a0\u00bb text_line_height_tablet=\u00a0\u00bb1.9em\u00a0\u00bb text_line_height_phone=\u00a0\u00bb\u00a0\u00bb text_line_height_last_edited=\u00a0\u00bbon|phone\u00a0\u00bb global_colors_info=\u00a0\u00bb{}\u00a0\u00bb]<\/p>\n<p style=\"text-align: center;\">A tr\u00e8s bient\u00f4t !<\/p>\n<p>[\/et_pb_text][\/et_pb_column][\/et_pb_row][et_pb_row column_structure=\u00a0\u00bb1_2,1_2&Prime; _builder_version=\u00a0\u00bb4.16&Prime; width_tablet=\u00a0\u00bb80%\u00a0\u00bb width_phone=\u00a0\u00bb\u00a0\u00bb width_last_edited=\u00a0\u00bbon|phone\u00a0\u00bb module_alignment=\u00a0\u00bbcenter\u00a0\u00bb custom_padding=\u00a0\u00bb45px|||||\u00a0\u00bb collapsed=\u00a0\u00bboff\u00a0\u00bb global_colors_info=\u00a0\u00bb{}\u00a0\u00bb][et_pb_column type=\u00a0\u00bb1_2&Prime; _builder_version=\u00a0\u00bb4.16&Prime; global_colors_info=\u00a0\u00bb{}\u00a0\u00bb][et_pb_button button_url=\u00a0\u00bb@ET-DC@eyJkeW5hbWljIjp0cnVlLCJjb250ZW50IjoicG9zdF9saW5rX3VybF9wYWdlIiwic2V0dGluZ3MiOnsicG9zdF9pZCI6Ijg0In19@\u00a0\u00bb button_text=\u00a0\u00bbDevenir partenaire\u00a0\u00bb button_alignment=\u00a0\u00bbright\u00a0\u00bb button_alignment_tablet=\u00a0\u00bbcenter\u00a0\u00bb button_alignment_phone=\u00a0\u00bbcenter\u00a0\u00bb button_alignment_last_edited=\u00a0\u00bbon|tablet\u00a0\u00bb admin_label=\u00a0\u00bbDevenir partenaire\u00a0\u00bb module_class=\u00a0\u00bbbtn-border-white-txt-blue\u00a0\u00bb _builder_version=\u00a0\u00bb4.16&Prime; _dynamic_attributes=\u00a0\u00bbbutton_url\u00a0\u00bb custom_button=\u00a0\u00bbon\u00a0\u00bb button_use_icon=\u00a0\u00bboff\u00a0\u00bb button_text_size_tablet=\u00a0\u00bb17px\u00a0\u00bb button_text_size_phone=\u00a0\u00bb\u00a0\u00bb button_text_size_last_edited=\u00a0\u00bbon|tablet\u00a0\u00bb global_colors_info=\u00a0\u00bb{}\u00a0\u00bb button_text_size__hover_enabled=\u00a0\u00bboff|desktop\u00a0\u00bb][\/et_pb_button][et_pb_accordion admin_label=\u00a0\u00bbDevenir b\u00e9n\u00e9vole\u00a0\u00bb _builder_version=\u00a0\u00bb4.16&Prime; _module_preset=\u00a0\u00bbdefault\u00a0\u00bb global_colors_info=\u00a0\u00bb{}\u00a0\u00bb][\/et_pb_accordion][\/et_pb_column][et_pb_column type=\u00a0\u00bb1_2&Prime; _builder_version=\u00a0\u00bb4.16&Prime; global_colors_info=\u00a0\u00bb{}\u00a0\u00bb][et_pb_button button_url=\u00a0\u00bbhttps:\/\/sjdmvta.assoconnect.com\/page\/304735-presentation\u00a0\u00bb url_new_window=\u00a0\u00bbon\u00a0\u00bb button_text=\u00a0\u00bbDevenir licenci\u00e9\u00a0\u00bb button_alignment=\u00a0\u00bbleft\u00a0\u00bb button_alignment_tablet=\u00a0\u00bbcenter\u00a0\u00bb button_alignment_phone=\u00a0\u00bbcenter\u00a0\u00bb button_alignment_last_edited=\u00a0\u00bbon|tablet\u00a0\u00bb admin_label=\u00a0\u00bbDevenir licenci\u00e9\u00a0\u00bb module_class=\u00a0\u00bbbtn-bg-white\u00a0\u00bb _builder_version=\u00a0\u00bb4.16&Prime; custom_button=\u00a0\u00bbon\u00a0\u00bb button_border_color=\u00a0\u00bb#ffffff\u00a0\u00bb button_border_radius=\u00a0\u00bb0px\u00a0\u00bb button_use_icon=\u00a0\u00bboff\u00a0\u00bb button_text_size_tablet=\u00a0\u00bb17px\u00a0\u00bb button_text_size_phone=\u00a0\u00bb\u00a0\u00bb button_text_size_last_edited=\u00a0\u00bbon|tablet\u00a0\u00bb global_colors_info=\u00a0\u00bb{}\u00a0\u00bb button_border_color__hover_enabled=\u00a0\u00bbon|hover\u00a0\u00bb button_border_color__hover=\u00a0\u00bb#0c1d33&Prime;][\/et_pb_button][\/et_pb_column][\/et_pb_row][\/et_pb_section]<\/p>\n","protected":false},"excerpt":{"rendered":"<p>FINALES DES CHAMPIONNATS DE FRANCE DES CLUBS D1, D2ET CHAMPIONNAT DE FRANCE PARATRIATHLONSaint Jean de Monts | 14 &amp; 15 septembre 2024Pour la quatri\u00e8me ann\u00e9e cons\u00e9cutive, les finales des Championnats de France des clubs D1\/D2 femmes et hommes ainsi que le Championnat de France Paratriathlon auront lieu \u00e0 Saint Jean de Monts les 14 et [&hellip;]<\/p>\n","protected":false},"author":2,"featured_media":0,"parent":0,"menu_order":4,"comment_status":"closed","ping_status":"closed","template":"","meta":{"_et_pb_use_builder":"on","_et_pb_old_content":"","_et_gb_content_width":"","footnotes":""},"class_list":["post-225987","page","type-page","status-publish","hentry"],"yoast_head":"<!-- This site is optimized with the Yoast SEO plugin v26.7 - https:\/\/yoast.com\/wordpress\/plugins\/seo\/ -->\n<title>FINALES DES CHAMIONNATS DE FRANCE DES CLUBS D1 \/ D2 ET CHAMPIONNAT DE FRANCE PARATRIATHLON - Triathlon Saint Jean de Monts | Vend\u00e9e<\/title>\n<meta name=\"robots\" content=\"index, follow, max-snippet:-1, max-image-preview:large, max-video-preview:-1\" \/>\n<link rel=\"canonical\" href=\"https:\/\/triathlon-vendee.com\/finale-grand-prix-d1-d2-et-championnat-de-france-de-paratriathlon\/\" \/>\n<meta property=\"og:locale\" content=\"fr_FR\" \/>\n<meta property=\"og:type\" content=\"article\" \/>\n<meta property=\"og:title\" content=\"FINALES DES CHAMIONNATS DE FRANCE DES CLUBS D1 \/ D2 ET CHAMPIONNAT DE FRANCE PARATRIATHLON - Triathlon Saint Jean de Monts | Vend\u00e9e\" \/>\n<meta property=\"og:description\" content=\"FINALES DES CHAMPIONNATS DE FRANCE DES CLUBS D1, D2ET CHAMPIONNAT DE FRANCE PARATRIATHLONSaint Jean de Monts | 14 &amp; 15 septembre 2024Pour la quatri\u00e8me ann\u00e9e cons\u00e9cutive, les finales des Championnats de France des clubs D1\/D2 femmes et hommes ainsi que le Championnat de France Paratriathlon auront lieu \u00e0 Saint Jean de Monts les 14 et [&hellip;]\" \/>\n<meta property=\"og:url\" content=\"https:\/\/triathlon-vendee.com\/finale-grand-prix-d1-d2-et-championnat-de-france-de-paratriathlon\/\" \/>\n<meta property=\"og:site_name\" content=\"Triathlon Saint Jean de Monts | Vend\u00e9e\" \/>\n<meta property=\"article:modified_time\" content=\"2024-09-12T10:03:43+00:00\" \/>\n<meta property=\"og:image\" content=\"https:\/\/triathlon-vendee.com\/storage\/2020\/07\/triangle-yellow-right.svg\" \/>\n<meta name=\"twitter:card\" content=\"summary_large_image\" \/>\n<meta name=\"twitter:label1\" content=\"Dur\u00e9e de lecture estim\u00e9e\" \/>\n\t<meta name=\"twitter:data1\" content=\"11 minutes\" \/>\n<script type=\"application\/ld+json\" class=\"yoast-schema-graph\">{\"@context\":\"https:\/\/schema.org\",\"@graph\":[{\"@type\":\"WebPage\",\"@id\":\"https:\/\/triathlon-vendee.com\/finale-grand-prix-d1-d2-et-championnat-de-france-de-paratriathlon\/\",\"url\":\"https:\/\/triathlon-vendee.com\/finale-grand-prix-d1-d2-et-championnat-de-france-de-paratriathlon\/\",\"name\":\"FINALES DES CHAMIONNATS DE FRANCE DES CLUBS D1 \/ D2 ET CHAMPIONNAT DE FRANCE PARATRIATHLON - Triathlon Saint Jean de Monts | Vend\u00e9e\",\"isPartOf\":{\"@id\":\"https:\/\/triathlon-vendee.com\/#website\"},\"primaryImageOfPage\":{\"@id\":\"https:\/\/triathlon-vendee.com\/finale-grand-prix-d1-d2-et-championnat-de-france-de-paratriathlon\/#primaryimage\"},\"image\":{\"@id\":\"https:\/\/triathlon-vendee.com\/finale-grand-prix-d1-d2-et-championnat-de-france-de-paratriathlon\/#primaryimage\"},\"thumbnailUrl\":\"https:\/\/triathlon-vendee.com\/storage\/2020\/07\/triangle-yellow-right.svg\",\"datePublished\":\"2020-12-03T14:35:42+00:00\",\"dateModified\":\"2024-09-12T10:03:43+00:00\",\"breadcrumb\":{\"@id\":\"https:\/\/triathlon-vendee.com\/finale-grand-prix-d1-d2-et-championnat-de-france-de-paratriathlon\/#breadcrumb\"},\"inLanguage\":\"fr-FR\",\"potentialAction\":[{\"@type\":\"ReadAction\",\"target\":[\"https:\/\/triathlon-vendee.com\/finale-grand-prix-d1-d2-et-championnat-de-france-de-paratriathlon\/\"]}]},{\"@type\":\"ImageObject\",\"inLanguage\":\"fr-FR\",\"@id\":\"https:\/\/triathlon-vendee.com\/finale-grand-prix-d1-d2-et-championnat-de-france-de-paratriathlon\/#primaryimage\",\"url\":\"https:\/\/triathlon-vendee.com\/storage\/2020\/07\/triangle-yellow-right.svg\",\"contentUrl\":\"https:\/\/triathlon-vendee.com\/storage\/2020\/07\/triangle-yellow-right.svg\"},{\"@type\":\"BreadcrumbList\",\"@id\":\"https:\/\/triathlon-vendee.com\/finale-grand-prix-d1-d2-et-championnat-de-france-de-paratriathlon\/#breadcrumb\",\"itemListElement\":[{\"@type\":\"ListItem\",\"position\":1,\"name\":\"Accueil\",\"item\":\"https:\/\/triathlon-vendee.com\/\"},{\"@type\":\"ListItem\",\"position\":2,\"name\":\"FINALES DES CHAMIONNATS DE FRANCE DES CLUBS D1 \/ D2 ET CHAMPIONNAT DE FRANCE PARATRIATHLON\"}]},{\"@type\":\"WebSite\",\"@id\":\"https:\/\/triathlon-vendee.com\/#website\",\"url\":\"https:\/\/triathlon-vendee.com\/\",\"name\":\"Triathlon Saint Jean de Monts | Vend\u00e9e\",\"description\":\"Club de Triathlon \u00e0 Saint Jean de Monts, en Vend\u00e9e\",\"potentialAction\":[{\"@type\":\"SearchAction\",\"target\":{\"@type\":\"EntryPoint\",\"urlTemplate\":\"https:\/\/triathlon-vendee.com\/?s={search_term_string}\"},\"query-input\":{\"@type\":\"PropertyValueSpecification\",\"valueRequired\":true,\"valueName\":\"search_term_string\"}}],\"inLanguage\":\"fr-FR\"}]}<\/script>\n<!-- \/ Yoast SEO plugin. -->","yoast_head_json":{"title":"FINALES DES CHAMIONNATS DE FRANCE DES CLUBS D1 \/ D2 ET CHAMPIONNAT DE FRANCE PARATRIATHLON - Triathlon Saint Jean de Monts | Vend\u00e9e","robots":{"index":"index","follow":"follow","max-snippet":"max-snippet:-1","max-image-preview":"max-image-preview:large","max-video-preview":"max-video-preview:-1"},"canonical":"https:\/\/triathlon-vendee.com\/finale-grand-prix-d1-d2-et-championnat-de-france-de-paratriathlon\/","og_locale":"fr_FR","og_type":"article","og_title":"FINALES DES CHAMIONNATS DE FRANCE DES CLUBS D1 \/ D2 ET CHAMPIONNAT DE FRANCE PARATRIATHLON - Triathlon Saint Jean de Monts | Vend\u00e9e","og_description":"FINALES DES CHAMPIONNATS DE FRANCE DES CLUBS D1, D2ET CHAMPIONNAT DE FRANCE PARATRIATHLONSaint Jean de Monts | 14 &amp; 15 septembre 2024Pour la quatri\u00e8me ann\u00e9e cons\u00e9cutive, les finales des Championnats de France des clubs D1\/D2 femmes et hommes ainsi que le Championnat de France Paratriathlon auront lieu \u00e0 Saint Jean de Monts les 14 et [&hellip;]","og_url":"https:\/\/triathlon-vendee.com\/finale-grand-prix-d1-d2-et-championnat-de-france-de-paratriathlon\/","og_site_name":"Triathlon Saint Jean de Monts | Vend\u00e9e","article_modified_time":"2024-09-12T10:03:43+00:00","og_image":[{"url":"https:\/\/triathlon-vendee.com\/storage\/2020\/07\/triangle-yellow-right.svg","type":"","width":"","height":""}],"twitter_card":"summary_large_image","twitter_misc":{"Dur\u00e9e de lecture estim\u00e9e":"11 minutes"},"schema":{"@context":"https:\/\/schema.org","@graph":[{"@type":"WebPage","@id":"https:\/\/triathlon-vendee.com\/finale-grand-prix-d1-d2-et-championnat-de-france-de-paratriathlon\/","url":"https:\/\/triathlon-vendee.com\/finale-grand-prix-d1-d2-et-championnat-de-france-de-paratriathlon\/","name":"FINALES DES CHAMIONNATS DE FRANCE DES CLUBS D1 \/ D2 ET CHAMPIONNAT DE FRANCE PARATRIATHLON - Triathlon Saint Jean de Monts | Vend\u00e9e","isPartOf":{"@id":"https:\/\/triathlon-vendee.com\/#website"},"primaryImageOfPage":{"@id":"https:\/\/triathlon-vendee.com\/finale-grand-prix-d1-d2-et-championnat-de-france-de-paratriathlon\/#primaryimage"},"image":{"@id":"https:\/\/triathlon-vendee.com\/finale-grand-prix-d1-d2-et-championnat-de-france-de-paratriathlon\/#primaryimage"},"thumbnailUrl":"https:\/\/triathlon-vendee.com\/storage\/2020\/07\/triangle-yellow-right.svg","datePublished":"2020-12-03T14:35:42+00:00","dateModified":"2024-09-12T10:03:43+00:00","breadcrumb":{"@id":"https:\/\/triathlon-vendee.com\/finale-grand-prix-d1-d2-et-championnat-de-france-de-paratriathlon\/#breadcrumb"},"inLanguage":"fr-FR","potentialAction":[{"@type":"ReadAction","target":["https:\/\/triathlon-vendee.com\/finale-grand-prix-d1-d2-et-championnat-de-france-de-paratriathlon\/"]}]},{"@type":"ImageObject","inLanguage":"fr-FR","@id":"https:\/\/triathlon-vendee.com\/finale-grand-prix-d1-d2-et-championnat-de-france-de-paratriathlon\/#primaryimage","url":"https:\/\/triathlon-vendee.com\/storage\/2020\/07\/triangle-yellow-right.svg","contentUrl":"https:\/\/triathlon-vendee.com\/storage\/2020\/07\/triangle-yellow-right.svg"},{"@type":"BreadcrumbList","@id":"https:\/\/triathlon-vendee.com\/finale-grand-prix-d1-d2-et-championnat-de-france-de-paratriathlon\/#breadcrumb","itemListElement":[{"@type":"ListItem","position":1,"name":"Accueil","item":"https:\/\/triathlon-vendee.com\/"},{"@type":"ListItem","position":2,"name":"FINALES DES CHAMIONNATS DE FRANCE DES CLUBS D1 \/ D2 ET CHAMPIONNAT DE FRANCE PARATRIATHLON"}]},{"@type":"WebSite","@id":"https:\/\/triathlon-vendee.com\/#website","url":"https:\/\/triathlon-vendee.com\/","name":"Triathlon Saint Jean de Monts | Vend\u00e9e","description":"Club de Triathlon \u00e0 Saint Jean de Monts, en Vend\u00e9e","potentialAction":[{"@type":"SearchAction","target":{"@type":"EntryPoint","urlTemplate":"https:\/\/triathlon-vendee.com\/?s={search_term_string}"},"query-input":{"@type":"PropertyValueSpecification","valueRequired":true,"valueName":"search_term_string"}}],"inLanguage":"fr-FR"}]}},"_links":{"self":[{"href":"https:\/\/triathlon-vendee.com\/api\/wp\/v2\/pages\/225987","targetHints":{"allow":["GET"]}}],"collection":[{"href":"https:\/\/triathlon-vendee.com\/api\/wp\/v2\/pages"}],"about":[{"href":"https:\/\/triathlon-vendee.com\/api\/wp\/v2\/types\/page"}],"author":[{"embeddable":true,"href":"https:\/\/triathlon-vendee.com\/api\/wp\/v2\/users\/2"}],"replies":[{"embeddable":true,"href":"https:\/\/triathlon-vendee.com\/api\/wp\/v2\/comments?post=225987"}],"version-history":[{"count":139,"href":"https:\/\/triathlon-vendee.com\/api\/wp\/v2\/pages\/225987\/revisions"}],"predecessor-version":[{"id":231299,"href":"https:\/\/triathlon-vendee.com\/api\/wp\/v2\/pages\/225987\/revisions\/231299"}],"wp:attachment":[{"href":"https:\/\/triathlon-vendee.com\/api\/wp\/v2\/media?parent=225987"}],"curies":[{"name":"wp","href":"https:\/\/api.w.org\/{rel}","templated":true}]}}